{"id":89,"date":"2017-12-06T13:22:07","date_gmt":"2017-12-06T12:22:07","guid":{"rendered":"https:\/\/wahrnehmungsfoerderung.de\/sprachtherapie-ehrenfeld\/?page_id=89"},"modified":"2018-02-05T09:59:12","modified_gmt":"2018-02-05T08:59:12","slug":"praktikum","status":"publish","type":"page","link":"https:\/\/sprachtherapie-koeln.de\/ehrenfeld\/praktikum\/","title":{"rendered":"Praktikum"},"content":{"rendered":"<p>Die praktische Ausbildung unserer angehenden Kolleginnen ist uns wichtig. Daher bieten wir gerne Praktikumspl\u00e4tze an. Um ein Praktikum f\u00fcr Sie interessant und gleichzeitig f\u00fcr unsere Patienten und das Team bereichernd zu gestalten, haben wir einige Hinweise auf die Voraussetzungen und den Ablauf bei uns zusammengestellt.<\/p>\n<p>&nbsp;<\/p>\n<h6>M\u00f6gliche Praktika<\/h6>\n<ul>\n<li>Ein einfaches <strong>Sch\u00fclerpraktikum<\/strong> ist bei uns <strong>nicht<\/strong> m\u00f6glich.<\/li>\n<li><strong>Blockpraktika<\/strong> f\u00fcr Fachsch\u00fcler und Studierende k\u00f6nnen bei uns in einer Dauer zwischen 4 und 8 Wochen absolviert werden. Ein k\u00fcrzerer Zeitraum ist nicht m\u00f6glich, da wir unseren Patienten und dem Team keine permanenten Wechsel zumuten m\u00f6chten.<\/li>\n<li><strong>Semesterbegleitende Wochenpraktika<\/strong> bieten wir Studierenden und Fachsch\u00fclern an. Dies setzt ein zuvor bei uns erfolgtes Blockpraktikum voraus.<\/li>\n<li>Nach Absprache und je nach Auslastung bieten wir ein <strong>Orientierungspraktikum<\/strong> (ca. 2 Wochen) f\u00fcr Studiums- oder Ausbildungsbewerber an.<\/li>\n<li>Wir bitten um Verst\u00e4ndnis daf\u00fcr, dass wir nur eine begrenzte Kapazit\u00e4t an Pl\u00e4tzen haben. Daher k\u00f6nnen wir leider nicht immer ein Praktikum zum Wunschtermin anbieten.<\/li>\n<\/ul>\n<h6><\/h6>\n<h6>Wir bieten:<\/h6>\n<ul>\n<li>Die M\u00f6glichkeit, bei erfahrenen Therapeutinnen in unterschiedlichen St\u00f6rungsgebieten zu hospitieren.<\/li>\n<li>Unter Supervisionen eigene Therapieerfahrungen.<\/li>\n<li>Dem Wissen- und Erfahrungsstand angemessene Einbindung in Vorbereitung und Durchf\u00fchrung von Therapien.<\/li>\n<li>Qualifizierte Reflexionen und\/oder Nachbesprechungen der hospitierten oder durchgef\u00fchrten Therapie.<\/li>\n<li>Ein nettes und offenes Team, das gern bereit ist, Sie zu unterst\u00fctzen.<\/li>\n<li>Umfangreiches Diagnostik- und Therapiematerial zum Ausprobieren und Erarbeiten.<\/li>\n<\/ul>\n","protected":false},"excerpt":{"rendered":"<p>Die praktische Ausbildung unserer angehenden Kolleginnen ist uns wichtig. Daher bieten wir gerne Praktikumspl\u00e4tze an. Um ein Praktikum f\u00fcr Sie interessant und gleichzeitig f\u00fcr unsere Patienten und das Team bereichernd zu gestalten, haben wir einige Hinweise auf die Voraussetzungen und<\/p>\n","protected":false},"author":1,"featured_media":0,"parent":0,"menu_order":0,"comment_status":"closed","ping_status":"closed","template":"","meta":{"wp_typography_post_enhancements_disabled":false,"footnotes":""},"tags":[30,24,26,32],"class_list":["post-89","page","type-page","status-publish","hentry","tag-dyskalkulie","tag-legasthenie","tag-lrs","tag-schreiben-lernen"],"_links":{"self":[{"href":"https:\/\/sprachtherapie-koeln.de\/ehrenfeld\/wp-json\/wp\/v2\/pages\/89","targetHints":{"allow":["GET"]}}],"collection":[{"href":"https:\/\/sprachtherapie-koeln.de\/ehrenfeld\/wp-json\/wp\/v2\/pages"}],"about":[{"href":"https:\/\/sprachtherapie-koeln.de\/ehrenfeld\/wp-json\/wp\/v2\/types\/page"}],"author":[{"embeddable":true,"href":"https:\/\/sprachtherapie-koeln.de\/ehrenfeld\/wp-json\/wp\/v2\/users\/1"}],"replies":[{"embeddable":true,"href":"https:\/\/sprachtherapie-koeln.de\/ehrenfeld\/wp-json\/wp\/v2\/comments?post=89"}],"version-history":[{"count":6,"href":"https:\/\/sprachtherapie-koeln.de\/ehrenfeld\/wp-json\/wp\/v2\/pages\/89\/revisions"}],"predecessor-version":[{"id":272,"href":"https:\/\/sprachtherapie-koeln.de\/ehrenfeld\/wp-json\/wp\/v2\/pages\/89\/revisions\/272"}],"wp:attachment":[{"href":"https:\/\/sprachtherapie-koeln.de\/ehrenfeld\/wp-json\/wp\/v2\/media?parent=89"}],"wp:term":[{"taxonomy":"post_tag","embeddable":true,"href":"https:\/\/sprachtherapie-koeln.de\/ehrenfeld\/wp-json\/wp\/v2\/tags?post=89"}],"curies":[{"name":"wp","href":"https:\/\/api.w.org\/{rel}","templated":true}]}}