{"id":103,"date":"2017-12-13T13:53:12","date_gmt":"2017-12-13T12:53:12","guid":{"rendered":"https:\/\/wahrnehmungsfoerderung.de\/sprachtherapie-koeln\/?page_id=103"},"modified":"2019-04-24T11:13:17","modified_gmt":"2019-04-24T09:13:17","slug":"therapie-fuer-erwachsene","status":"publish","type":"page","link":"https:\/\/sprachtherapie-koeln.de\/hoehenberg\/therapie-fuer-erwachsene\/","title":{"rendered":"Therapie f\u00fcr Erwachsene"},"content":{"rendered":"<p>Auch da, wo die Sprachentwicklung bereits abgeschlossen ist, kann Sprachtherapie n\u00f6tig werden.<br>\nUnsere erwachsenen Patienten sind Menschen, die von einem Schlaganfall, einer anderen neurologischen Erkrankung, einem Unfall oder einer Tumoroperation betroffen sind und bei denen Sprach- oder Schluckst\u00f6rungen auftreten.<\/p>\n<p>Andere St\u00f6rungsbilder im Erwachsenenbereich sind die Stimmst\u00f6rungen, Stotter- oder Poltersyndrome, Gesichtsl\u00e4hmungen und Artikulationsst\u00f6rungen, die z.B. in der Kindheit nicht \u00fcberwunden worden sind.<br>\nDie Therapien werden individuell gestaltet und erhalten durch die Miteinbeziehung pers\u00f6nlicher Interessensgebiete des Patienten ein lebendiges Moment und einen stark motivierenden Charakter.<\/p>\n<div id=\"content\" class=\"clearfix\">\n<p><!--dynamic_sidebar_before:spacious_business_page_top_section_sidebar:1--><\/p>\n<section id=\"spacious_service_widget-5\" class=\"widget widget_service_block clearfix\" title=\"Shift-Klick, um dieses Widget zu bearbeiten.\" data-customize-partial-id=\"widget[spacious_service_widget-5]\" data-customize-partial-type=\"widget\" data-customize-partial-placement-context=\"{&quot;sidebar_id&quot;:&quot;spacious_business_page_top_section_sidebar&quot;,&quot;sidebar_instance_number&quot;:1}\" data-customize-widget-id=\"spacious_service_widget-5\">\n<div class=\"tg-one-third\">\n<div style=\"background: #deedf7; padding: 10px; text-align: center;\"><a href=\"https:\/\/sprachtherapie-koeln.de\/hoehenberg\/therapie-fuer-erwachsene\/neurologisch-bedingte-stoerungen-der-sprache\/\">Neurologisch bedingte St\u00f6rungen der Sprache<\/a><\/div>\n<\/div>\n<div class=\"tg-one-third\">\n<div style=\"background: #deedf7; padding: 10px; text-align: center;\"><a href=\"https:\/\/sprachtherapie-koeln.de\/hoehenberg\/therapie-fuer-erwachsene\/schluckstoerungen-dysphagie\/\">Schluckst\u00f6rungen<\/a><\/div>\n<\/div>\n<div class=\"tg-one-third\">\n<div style=\"background: #deedf7; padding: 10px; text-align: center;\"><a href=\"https:\/\/sprachtherapie-koeln.de\/hoehenberg\/therapie-fuer-erwachsene\/atemstoerungen\/\">Atemst\u00f6rungen<\/a><\/div>\n<\/div>\n<\/section>\n<\/div>\n<p><!--dynamic_sidebar_before:spacious_business_page_top_section_sidebar:2--><\/p>\n<section id=\"spacious_service_widget-5\" class=\"widget widget_service_block clearfix\" title=\"Shift-Klick, um dieses Widget zu bearbeiten.\" data-customize-partial-id=\"widget[spacious_service_widget-5]\" data-customize-partial-type=\"widget\" data-customize-partial-placement-context=\"{&quot;sidebar_id&quot;:&quot;spacious_business_page_top_section_sidebar&quot;,&quot;sidebar_instance_number&quot;:1}\" data-customize-widget-id=\"spacious_service_widget-5\">\n<div class=\"tg-one-third\">\n<div style=\"background: #deedf7; padding: 10px; text-align: center;\"><a href=\"https:\/\/sprachtherapie-koeln.de\/hoehenberg\/therapie-fuer-erwachsene\/sprechablaufstoerungen-bei-erwachsenen\/\">Sprechablaufst\u00f6rungen<br>\nbei Erwachsenen<\/a><\/div>\n<\/div>\n<div class=\"tg-one-third\">\n<div style=\"background: #deedf7; padding: 10px; text-align: center;\"><a href=\"https:\/\/sprachtherapie-koeln.de\/hoehenberg\/therapie-fuer-erwachsene\/gesichtslaehmungen-facialisparesen\/\">Gesichtsl\u00e4hmungen<\/a><\/div>\n<\/div>\n<div class=\"tg-one-third\">\n<div style=\"background: #deedf7; padding: 10px; text-align: center;\"><a href=\"https:\/\/sprachtherapie-koeln.de\/hoehenberg\/therapie-fuer-erwachsene\/stoerungen-der-stimme\/\">St\u00f6rungen der Stimme<\/a><\/div>\n<\/div>\n<\/section>\n<p><!--dynamic_sidebar_before:spacious_business_page_top_section_sidebar:3--><\/p>\n<section id=\"spacious_service_widget-5\" class=\"widget widget_service_block clearfix\" title=\"Shift-Klick, um dieses Widget zu bearbeiten.\" data-customize-partial-id=\"widget[spacious_service_widget-5]\" data-customize-partial-type=\"widget\" data-customize-partial-placement-context=\"{&quot;sidebar_id&quot;:&quot;spacious_business_page_top_section_sidebar&quot;,&quot;sidebar_instance_number&quot;:1}\" data-customize-widget-id=\"spacious_service_widget-5\">\n<div class=\"tg-one-third\">\n<div style=\"background: #deedf7; padding: 10px; text-align: center;\"><a href=\"https:\/\/sprachtherapie-koeln.de\/hoehenberg\/therapie-fuer-erwachsene\/artikulationsstoerungen-bei-erwachsenen\/\">Artikulationsst\u00f6rungen<br>\nbei Erwachsenen<\/a><\/div>\n<\/div>\n<\/section>\n","protected":false},"excerpt":{"rendered":"<p>Auch da, wo die Sprachentwicklung bereits abgeschlossen ist, kann Sprachtherapie n\u00f6tig werden. Unsere erwachsenen Patienten sind Menschen, die von einem Schlaganfall, einer anderen neurologischen Erkrankung, einem Unfall oder einer Tumoroperation betroffen sind und bei denen Sprach- oder Schluckst\u00f6rungen auftreten. Andere<\/p>\n","protected":false},"author":1,"featured_media":0,"parent":0,"menu_order":0,"comment_status":"closed","ping_status":"closed","template":"","meta":{"wp_typography_post_enhancements_disabled":false,"footnotes":""},"tags":[26,27,21,28],"class_list":["post-103","page","type-page","status-publish","hentry","tag-schluckstoerung","tag-sprachstoerung","tag-sprachtherapie","tag-stottern"],"_links":{"self":[{"href":"https:\/\/sprachtherapie-koeln.de\/hoehenberg\/wp-json\/wp\/v2\/pages\/103","targetHints":{"allow":["GET"]}}],"collection":[{"href":"https:\/\/sprachtherapie-koeln.de\/hoehenberg\/wp-json\/wp\/v2\/pages"}],"about":[{"href":"https:\/\/sprachtherapie-koeln.de\/hoehenberg\/wp-json\/wp\/v2\/types\/page"}],"author":[{"embeddable":true,"href":"https:\/\/sprachtherapie-koeln.de\/hoehenberg\/wp-json\/wp\/v2\/users\/1"}],"replies":[{"embeddable":true,"href":"https:\/\/sprachtherapie-koeln.de\/hoehenberg\/wp-json\/wp\/v2\/comments?post=103"}],"version-history":[{"count":8,"href":"https:\/\/sprachtherapie-koeln.de\/hoehenberg\/wp-json\/wp\/v2\/pages\/103\/revisions"}],"predecessor-version":[{"id":324,"href":"https:\/\/sprachtherapie-koeln.de\/hoehenberg\/wp-json\/wp\/v2\/pages\/103\/revisions\/324"}],"wp:attachment":[{"href":"https:\/\/sprachtherapie-koeln.de\/hoehenberg\/wp-json\/wp\/v2\/media?parent=103"}],"wp:term":[{"taxonomy":"post_tag","embeddable":true,"href":"https:\/\/sprachtherapie-koeln.de\/hoehenberg\/wp-json\/wp\/v2\/tags?post=103"}],"curies":[{"name":"wp","href":"https:\/\/api.w.org\/{rel}","templated":true}]}}