{"id":219,"date":"2018-02-12T09:55:32","date_gmt":"2018-02-12T08:55:32","guid":{"rendered":"https:\/\/wahrnehmungsfoerderung.de\/sprachtherapie-koeln\/?page_id=219"},"modified":"2018-02-12T09:55:32","modified_gmt":"2018-02-12T08:55:32","slug":"kindliche-stimmstoerungen","status":"publish","type":"page","link":"https:\/\/sprachtherapie-koeln.de\/hoehenberg\/therapie-fuer-kinder-und-jugendliche\/kindliche-stimmstoerungen\/","title":{"rendered":"Kindliche Stimmst\u00f6rungen"},"content":{"rendered":"<p>Kindliche Stimmst\u00f6rungen (juvenile Dysphonien) zeichnen sich durch einen heiseren und gepressten Stimmklang, manchmal durch eine unnat\u00fcrlich hohe oder tiefe Stimmlage aus, obwohl keine Erk\u00e4ltung festzustellen ist.<br>\nStimmst\u00f6rungen entstehen oft durch h\u00e4ufiges Schreien oder angestrengtes Sprechen, weil dabei die Stimmb\u00e4nder falsch benutzt werden und sich auf organischer Ebene sog. \u201eSchreikn\u00f6tchen\u201c bilden k\u00f6nnen, die die Funktion der Stimmb\u00e4nder beeintr\u00e4chtigen. Die Kinder werden in der Therapie spielerisch an eine ruhigere Sprechweise herangef\u00fchrt. Mit Hilfe der Eltern erarbeitet die Therapeutin Strategien f\u00fcr die Kommunikation im Alltag.<\/p>\n","protected":false},"excerpt":{"rendered":"<p>Kindliche Stimmst\u00f6rungen (juvenile Dysphonien) zeichnen sich durch einen heiseren und gepressten Stimmklang, manchmal durch eine unnat\u00fcrlich hohe oder tiefe Stimmlage aus, obwohl keine Erk\u00e4ltung festzustellen ist. Stimmst\u00f6rungen entstehen oft durch h\u00e4ufiges Schreien oder angestrengtes Sprechen, weil dabei die Stimmb\u00e4nder falsch<\/p>\n","protected":false},"author":1,"featured_media":0,"parent":100,"menu_order":0,"comment_status":"closed","ping_status":"closed","template":"","meta":{"wp_typography_post_enhancements_disabled":false,"footnotes":""},"tags":[],"class_list":["post-219","page","type-page","status-publish","hentry"],"_links":{"self":[{"href":"https:\/\/sprachtherapie-koeln.de\/hoehenberg\/wp-json\/wp\/v2\/pages\/219","targetHints":{"allow":["GET"]}}],"collection":[{"href":"https:\/\/sprachtherapie-koeln.de\/hoehenberg\/wp-json\/wp\/v2\/pages"}],"about":[{"href":"https:\/\/sprachtherapie-koeln.de\/hoehenberg\/wp-json\/wp\/v2\/types\/page"}],"author":[{"embeddable":true,"href":"https:\/\/sprachtherapie-koeln.de\/hoehenberg\/wp-json\/wp\/v2\/users\/1"}],"replies":[{"embeddable":true,"href":"https:\/\/sprachtherapie-koeln.de\/hoehenberg\/wp-json\/wp\/v2\/comments?post=219"}],"version-history":[{"count":1,"href":"https:\/\/sprachtherapie-koeln.de\/hoehenberg\/wp-json\/wp\/v2\/pages\/219\/revisions"}],"predecessor-version":[{"id":220,"href":"https:\/\/sprachtherapie-koeln.de\/hoehenberg\/wp-json\/wp\/v2\/pages\/219\/revisions\/220"}],"up":[{"embeddable":true,"href":"https:\/\/sprachtherapie-koeln.de\/hoehenberg\/wp-json\/wp\/v2\/pages\/100"}],"wp:attachment":[{"href":"https:\/\/sprachtherapie-koeln.de\/hoehenberg\/wp-json\/wp\/v2\/media?parent=219"}],"wp:term":[{"taxonomy":"post_tag","embeddable":true,"href":"https:\/\/sprachtherapie-koeln.de\/hoehenberg\/wp-json\/wp\/v2\/tags?post=219"}],"curies":[{"name":"wp","href":"https:\/\/api.w.org\/{rel}","templated":true}]}}