{"id":45,"date":"2017-12-08T13:03:40","date_gmt":"2017-12-08T12:03:40","guid":{"rendered":"https:\/\/wahrnehmungsfoerderung.de\/sprachtherapie-koeln\/?page_id=45"},"modified":"2019-04-24T11:15:56","modified_gmt":"2019-04-24T09:15:56","slug":"und-vieles-mehr","status":"publish","type":"page","link":"https:\/\/sprachtherapie-koeln.de\/hoehenberg\/und-vieles-mehr\/","title":{"rendered":"Und vieles mehr"},"content":{"rendered":"<p>Neben unserer T\u00e4tigkeit im Auftrag der Krankenkassen bieten wir verschiedenste M\u00f6glichkeiten der Zusammenarbeit an:<\/p>\n<ul>\n<li><strong>Lerntherapie in Kooperation mit dem <a href=\"https:\/\/foerderinstitut-koeln.de\/\">F\u00f6rderinstitut ProLog <span class=\"caps\">WISSEN<\/span><\/a><\/strong><br>\nDie Lerntherapie befasst sich mit der Diagnose, Behandlung und Beratung bei Lern- und Teilleistungsst\u00f6rungen, wie z.B. der Lese-Rechtschreibschw\u00e4che oder Rechenschw\u00e4che. Sie schafft grundlegende inhaltliche und psychische Voraussetzungen f\u00fcr einen Neuanfang beim Lernen. Dabei finden die Lernvoraussetzungen des Kindes genauso Ber\u00fccksichtigung wie seine St\u00e4rken.<\/li>\n<\/ul>\n<ul>\n<li><strong>Sprachf\u00f6rderung<\/strong><br>\nSprachf\u00f6rderung ist eine Art Entwicklungsbegleitung und kann jedem Kind zu Gute kommen. Besonders sinnvoll ist sie f\u00fcr Kinder, deren sprachliche M\u00f6glichkeiten umfeldbedingt eingeschr\u00e4nkt sind (z.B. f\u00fcr Kinder, die zweisprachig aufwachsen). Sie findet meist in Einzel- oder Gruppenangeboten in Einrichtungen wie Kinderg\u00e4rten oder Kindertagesst\u00e4tten statt. Ihr Ziel ist es, die gesunde Sprachentwicklung zu unterst\u00fctzen und z.T. pr\u00e4ventiv in Richtung einer Vorbeugung sp\u00e4ter zu erwartender Sprachst\u00f6rungen zu wirken. Jedoch kann Sprachf\u00f6rderung eine gezielte Sprachtherapie z. B. bei Sprachst\u00f6rungen nicht ersetzen.<\/li>\n<\/ul>\n<ul>\n<li><strong>Unser Angebot:<\/strong><br>\nGerade im Rahmen der Sprachstandserhebungen werden Kinderg\u00e4rten immer h\u00e4ufiger mit der Forderung konfrontiert, die Kinder sprachlich optimal f\u00f6rdern zu m\u00fcssen. Hier bieten wir Einrichtungen Hilfestellungen, indem wir die Sprachf\u00f6rderung vor Ort durchf\u00fchren oder ihren Erzieherinnen inhaltliche Seminare zum Thema anbieten. Wir vertreten inhaltlich das Konzept der \u201eLanguage Route\u201d (im Deutschen \u201eIch bin Max\u201d) \u2013 ein entwicklungslinguistisch und \u2013p\u00e4dagogisch ausgefeiltes und vielfach bew\u00e4hrtes Modell der Einbindung von Sprachf\u00f6rderung in den kindlichen Alltag, also auch in den Kindergartenalltag. Hier trainieren wir auch Erzieherinnen und Erzieher, um eine m\u00f6glichst kontinuierliche \u201eVersorgung\u201d der Kinder zu erreichen..<\/li>\n<\/ul>\n<ul>\n<li><strong>Logop\u00e4dische Sprechstunden<\/strong><br>\nIn Kooperation mit Familienzentren bieten wir auf Wunsch regelm\u00e4\u00dfige Sprechstunden in den Einrichtungen an, in denen Angeh\u00f6rige (Eltern) und Mitarbeiter ganz unverbindlich Fragen zu Entwicklungen und Status von Sprache, Sprechen, Stimme und Schlucke stellen k\u00f6nnen. Dies ersetzt keine ausf\u00fchrliche Beratung oder Diagnosestellung, kann aber Hilfestellung bieten, ob eine weitere Diagnostik eingeleitet werden sollte oder&nbsp;nicht.<\/li>\n<\/ul>\n<ul>\n<li><strong>Fortbildungen in Einrichtungen<\/strong><br>\nWir kommen gerne in Ihre Einrichtung und bilden Sie oder die Eltern zu Themen fort, die die Sprach- oder Lerntherapie bertreffen. Hier einige Themenbeispiele aus vergangenen Fortbildungen:<br>\n\u2014 Mehrsprachigkeit<br>\n\u2014 Sprachentwicklung und Schriftspracherwerb<br>\n\u2014 Funktionelle Stimmst\u00f6rungen<br>\n\u2014 Selektiver Mutismus<br>\n\u2014 Dialogisches Bilderbuchlesen<br>\n\u2014 Schlucken<\/li>\n<\/ul>\n<ul>\n<li><strong>Workshops in der Praxis<\/strong><br>\nUm die interdisziplin\u00e4re Zusammenarbeit im Viertel zu st\u00e4rken, lade ich regelm\u00e4\u00dfig zu Workshops in der Praxis ein. Unterschiedliche Themen geben dann Anlass zu Diskussion und Austausch, wodurch das gemeinsame Arbeiten auch \u00fcber die Praxis hinaus leichter m\u00f6glich wird.<\/li>\n<\/ul>\n<ul>\n<li><strong>Das Heidelberger Elterntraining zur fr\u00fchen Sprachf\u00f6rderung<\/strong><br>\nDas \u201eHeidelberger Elterntraining\u201c richtet sich an Eltern, deren Kinder im Alter von 24 Monaten noch keine 50 W\u00f6rter sprechen bzw. keine Wortkombinationen bilden.<br>\nEs handelt sich um ein evaluiertes Training f\u00fcr Eltern sog. Late Talker, d.h. dass Erfolge durch das Training nachgewiesen wurden.<br>\nRahmenbedingungen f\u00fcr das Training, sowohl organisatorischer als auch finanzieller Art, k\u00f6nnen bei uns erfragt werden.<\/li>\n<\/ul>\n<p><strong>Bei Interesse sprechen Sie uns bitte an! Wir geben Ihnen gerne Auskunft \u00fcber Termine und Kosten.<\/strong><\/p>\n","protected":false},"excerpt":{"rendered":"<p>Neben unserer T\u00e4tigkeit im Auftrag der Krankenkassen bieten wir verschiedenste M\u00f6glichkeiten der Zusammenarbeit an: Lerntherapie in Kooperation mit dem F\u00f6rderinstitut ProLog <span class=\"caps\">WISSEN<\/span> Die Lerntherapie befasst sich mit der Diagnose, Behandlung und Beratung bei Lern- und Teilleistungsst\u00f6rungen, wie z.B. der Lese-Rechtschreibschw\u00e4che<\/p>\n","protected":false},"author":1,"featured_media":0,"parent":0,"menu_order":0,"comment_status":"closed","ping_status":"closed","template":"","meta":{"wp_typography_post_enhancements_disabled":false,"footnotes":""},"tags":[32,33,34,31,35,36],"class_list":["post-45","page","type-page","status-publish","hentry","tag-fruehe-sprachfoerderung","tag-funktionelle-stimmstoerungen","tag-heidelberger-elterntraining","tag-selektiver-mutismus","tag-sprachfoerderung","tag-sprachstandserhebung"],"_links":{"self":[{"href":"https:\/\/sprachtherapie-koeln.de\/hoehenberg\/wp-json\/wp\/v2\/pages\/45","targetHints":{"allow":["GET"]}}],"collection":[{"href":"https:\/\/sprachtherapie-koeln.de\/hoehenberg\/wp-json\/wp\/v2\/pages"}],"about":[{"href":"https:\/\/sprachtherapie-koeln.de\/hoehenberg\/wp-json\/wp\/v2\/types\/page"}],"author":[{"embeddable":true,"href":"https:\/\/sprachtherapie-koeln.de\/hoehenberg\/wp-json\/wp\/v2\/users\/1"}],"replies":[{"embeddable":true,"href":"https:\/\/sprachtherapie-koeln.de\/hoehenberg\/wp-json\/wp\/v2\/comments?post=45"}],"version-history":[{"count":6,"href":"https:\/\/sprachtherapie-koeln.de\/hoehenberg\/wp-json\/wp\/v2\/pages\/45\/revisions"}],"predecessor-version":[{"id":286,"href":"https:\/\/sprachtherapie-koeln.de\/hoehenberg\/wp-json\/wp\/v2\/pages\/45\/revisions\/286"}],"wp:attachment":[{"href":"https:\/\/sprachtherapie-koeln.de\/hoehenberg\/wp-json\/wp\/v2\/media?parent=45"}],"wp:term":[{"taxonomy":"post_tag","embeddable":true,"href":"https:\/\/sprachtherapie-koeln.de\/hoehenberg\/wp-json\/wp\/v2\/tags?post=45"}],"curies":[{"name":"wp","href":"https:\/\/api.w.org\/{rel}","templated":true}]}}