{"id":53,"date":"2017-12-08T13:06:13","date_gmt":"2017-12-08T12:06:13","guid":{"rendered":"https:\/\/wahrnehmungsfoerderung.de\/sprachtherapie-koeln\/?page_id=53"},"modified":"2018-01-04T10:26:08","modified_gmt":"2018-01-04T09:26:08","slug":"leitung","status":"publish","type":"page","link":"https:\/\/sprachtherapie-koeln.de\/hoehenberg\/leitung\/","title":{"rendered":"Leitung"},"content":{"rendered":"<h1><img loading=\"lazy\" decoding=\"async\" class=\"size-full wp-image-69 alignleft\" src=\"https:\/\/wahrnehmungsfoerderung.de\/sprachtherapie-koeln\/wp-content\/uploads\/sites\/6\/2017\/12\/Uwe-Ender584022af1a6c8-e1512735929961.jpg\" alt width=\"170\" height=\"254\"><strong>Dr. Uwe&nbsp;Ender<\/strong><\/h1>\n<h4>Leitung<\/h4>\n<p>Neurolinguist\/Klinischer Linguist (<span class=\"caps\">BKL<\/span>)\/ Akademischer Sprachtherapeut (dbs)<\/p>\n<p><strong>Schwerpunkte:<\/strong>&nbsp;Aphasie \u2014 Sprechapraxie \u2014 Lese-Rechtschreibschw\u00e4che \/ Schriftspracherwerbsst\u00f6rung \u2014 Spezifische Sprachentwicklungsst\u00f6rung<\/p>\n<p>&nbsp;<\/p>\n<p>&nbsp;<\/p>\n<p>&nbsp;<\/p>\n<h1><img loading=\"lazy\" decoding=\"async\" class=\"size-full wp-image-70 alignleft\" src=\"https:\/\/wahrnehmungsfoerderung.de\/sprachtherapie-koeln\/wp-content\/uploads\/sites\/6\/2017\/12\/Portraitfotos_Prolog_16b-Stephanie-Becher-e1512736055428.jpg\" alt width=\"170\" height=\"255\"><strong>Stephanie Becher<\/strong><\/h1>\n<h4>Stellvertretende Leitung<\/h4>\n<p>Staatl. anerk. Logop\u00e4din<\/p>\n<p><strong>Schwerpunkte: <\/strong>Spezifische Sprachentwicklungsst\u00f6rung \u2014 Aphasie \u2014 Dysarthrie \u2014 Sprechapraxie<\/p>\n","protected":false},"excerpt":{"rendered":"<p>Dr. Uwe&nbsp;Ender Leitung Neurolinguist\/Klinischer Linguist (<span class=\"caps\">BKL<\/span>)\/ Akademischer Sprachtherapeut (dbs) Schwerpunkte:&nbsp;Aphasie \u2014 Sprechapraxie \u2014 Lese-Rechtschreibschw\u00e4che \/ Schriftspracherwerbsst\u00f6rung \u2014 Spezifische Sprachentwicklungsst\u00f6rung &nbsp; &nbsp; &nbsp; Stephanie Becher Stellvertretende Leitung Staatl. anerk. Logop\u00e4din Schwerpunkte: Spezifische Sprachentwicklungsst\u00f6rung \u2014 Aphasie \u2014 Dysarthrie \u2014 Sprechapraxie<\/p>\n","protected":false},"author":1,"featured_media":0,"parent":0,"menu_order":0,"comment_status":"closed","ping_status":"closed","template":"","meta":{"wp_typography_post_enhancements_disabled":false,"footnotes":""},"tags":[],"class_list":["post-53","page","type-page","status-publish","hentry"],"_links":{"self":[{"href":"https:\/\/sprachtherapie-koeln.de\/hoehenberg\/wp-json\/wp\/v2\/pages\/53","targetHints":{"allow":["GET"]}}],"collection":[{"href":"https:\/\/sprachtherapie-koeln.de\/hoehenberg\/wp-json\/wp\/v2\/pages"}],"about":[{"href":"https:\/\/sprachtherapie-koeln.de\/hoehenberg\/wp-json\/wp\/v2\/types\/page"}],"author":[{"embeddable":true,"href":"https:\/\/sprachtherapie-koeln.de\/hoehenberg\/wp-json\/wp\/v2\/users\/1"}],"replies":[{"embeddable":true,"href":"https:\/\/sprachtherapie-koeln.de\/hoehenberg\/wp-json\/wp\/v2\/comments?post=53"}],"version-history":[{"count":7,"href":"https:\/\/sprachtherapie-koeln.de\/hoehenberg\/wp-json\/wp\/v2\/pages\/53\/revisions"}],"predecessor-version":[{"id":133,"href":"https:\/\/sprachtherapie-koeln.de\/hoehenberg\/wp-json\/wp\/v2\/pages\/53\/revisions\/133"}],"wp:attachment":[{"href":"https:\/\/sprachtherapie-koeln.de\/hoehenberg\/wp-json\/wp\/v2\/media?parent=53"}],"wp:term":[{"taxonomy":"post_tag","embeddable":true,"href":"https:\/\/sprachtherapie-koeln.de\/hoehenberg\/wp-json\/wp\/v2\/tags?post=53"}],"curies":[{"name":"wp","href":"https:\/\/api.w.org\/{rel}","templated":true}]}}